{"id":96,"date":"2026-07-19T23:50:02","date_gmt":"2026-07-19T23:50:02","guid":{"rendered":"https:\/\/pomurskigalop.si\/?page_id=96"},"modified":"2026-07-21T22:57:29","modified_gmt":"2026-07-21T22:57:29","slug":"haza","status":"publish","type":"page","link":"https:\/\/pomurskigalop.si\/?page_id=96&lang=hu","title":{"rendered":"Haza"},"content":{"rendered":"\t\t<div data-elementor-type=\"wp-page\" data-elementor-id=\"96\" class=\"elementor elementor-96\">\n\t\t\t\t<div class=\"elementor-element elementor-element-7426c920 e-flex e-con-boxed e-con e-parent\" data-id=\"7426c920\" data-element_type=\"container\" data-e-type=\"container\" data-settings=\"{&quot;background_background&quot;:&quot;classic&quot;}\">\n\t\t\t\t\t<div class=\"e-con-inner\">\n\t\t\t\t\t<\/div>\n\t\t\t\t<\/div>\n\t\t<div class=\"elementor-element elementor-element-577bbbe e-flex e-con-boxed e-con e-parent\" data-id=\"577bbbe\" data-element_type=\"container\" data-e-type=\"container\">\n\t\t\t\t\t<div class=\"e-con-inner\">\n\t\t\t\t<div class=\"elementor-element elementor-element-7bdf6e4 elementor-widget__width-initial elementor-widget elementor-widget-heading\" data-id=\"7bdf6e4\" data-element_type=\"widget\" data-e-type=\"widget\" data-widget_type=\"heading.default\">\n\t\t\t\t\t<h2 class=\"elementor-heading-title elementor-size-default\">JELENTKEZ\u00c9SI FELT\u00c9TELEK A 10. MURAVID\u00c9KI V\u00c1GT\u00c1RA<\/h2>\t\t\t\t<\/div>\n\t\t\t\t<div class=\"elementor-element elementor-element-381348d elementor-widget__width-initial elementor-widget elementor-widget-text-editor\" data-id=\"381348d\" data-element_type=\"widget\" data-e-type=\"widget\" data-widget_type=\"text-editor.default\">\n\t\t\t\t\t\t\t\t\t<p style=\"text-align: justify;\"><span lang=\"HU\" style=\"font-size: 14.0pt; line-height: 115%; mso-ansi-language: HU;\">Szeretettel v\u00e1rjuk a szlov\u00e9niai lovasok jelentkez\u00e9s\u00e9t a jubileumi, 10. Muravid\u00e9ki V\u00e1gt\u00e1ra, amelyre 2026. augusztus 8-\u00e1n, szombaton ker\u00fcl sor Lendv\u00e1n.<\/span><\/p><p style=\"text-align: justify;\"><span lang=\"HU\" style=\"font-size: 14.0pt; line-height: 115%; mso-ansi-language: HU;\">A versenyre a 18. \u00e9let\u00e9v\u00fcket bet\u00f6lt\u00f6tt lovasok jelentkezhetnek, m\u00edg a 17 \u00e9v alatti versenyz\u0151k a p\u00f3nikateg\u00f3ri\u00e1kban indulhatnak.<\/span><\/p><p style=\"text-align: justify;\"><span lang=\"HU\" style=\"font-size: 14.0pt; line-height: 115%; mso-ansi-language: HU;\">A nevez\u0151k b\u00e1rmilyen fajt\u00e1j\u00fa \u00e9s nem\u0171 l\u00f3val r\u00e9szt vehetnek a versenyen, kiv\u00e9ve az angol teliv\u00e9rt \u00e9s az argentin p\u00f3nit. Az angol teliv\u00e9r, valamint a r\u00e9szben ismeretlen sz\u00e1rmaz\u00e1s\u00fa v\u00e9rvonal ar\u00e1nya nem haladhatja meg a 75 sz\u00e1zal\u00e9kot. A l\u00f3 sz\u00e1rmaz\u00e1s\u00e1t a m\u00e1sodik gener\u00e1ci\u00f3ig, vagyis a nagysz\u00fcl\u0151kig ellen\u0151rizz\u00fck.<\/span><\/p><p style=\"text-align: justify;\"><b><span lang=\"HU\" style=\"font-size: 14.0pt; line-height: 115%; mso-ansi-language: HU;\">A versenyz\u0151 csapata<\/span><\/b><\/p><p style=\"text-align: justify;\"><span lang=\"HU\" style=\"font-size: 14.0pt; line-height: 115%; mso-ansi-language: HU;\">A csapat k\u00e9t nagykor\u00fa szem\u00e9lyb\u0151l \u00e1ll:<\/span><\/p><ul style=\"margin-top: 0cm;\" type=\"disc\"><li style=\"text-align: justify; mso-list: l0 level1 lfo1; tab-stops: list 36.0pt;\"><span lang=\"HU\" style=\"font-size: 14.0pt; line-height: 115%; mso-ansi-language: HU;\">a versenyz\u0151b\u0151l (lovasb\u00f3l),<\/span><\/li><li style=\"text-align: justify; mso-list: l0 level1 lfo1; tab-stops: list 36.0pt;\"><span lang=\"HU\" style=\"font-size: 14.0pt; line-height: 115%; mso-ansi-language: HU;\">valamint egy seg\u00edt\u0151b\u0151l, aki a lovat vezet\u0151sz\u00e1ron a rajtvonalig vezeti.<\/span><\/li><\/ul><div style=\"text-align: justify;\"><span style=\"font-size: 18.6667px;\">\u00a0<\/span><\/div><p style=\"text-align: justify;\"><b><span lang=\"HU\" style=\"font-size: 14.0pt; line-height: 115%; mso-ansi-language: HU;\">K\u00f6telez\u0151 felszerel\u00e9s<\/span><\/b><\/p><p style=\"text-align: justify;\"><b><span lang=\"HU\" style=\"font-size: 14.0pt; line-height: 115%; mso-ansi-language: HU;\">A lovas sz\u00e1m\u00e1ra:<\/span><\/b><\/p><ul style=\"margin-top: 0cm;\" type=\"disc\"><li style=\"text-align: justify; mso-list: l3 level1 lfo2; tab-stops: list 36.0pt;\"><span lang=\"HU\" style=\"font-size: 14.0pt; line-height: 115%; mso-ansi-language: HU;\">lovagl\u00f3sisak,<\/span><\/li><li style=\"text-align: justify; mso-list: l3 level1 lfo2; tab-stops: list 36.0pt;\"><span lang=\"HU\" style=\"font-size: 14.0pt; line-height: 115%; mso-ansi-language: HU;\">gerincv\u00e9d\u0151.<\/span><\/li><\/ul><div style=\"text-align: justify;\"><span style=\"font-size: 18.6667px;\">\u00a0<\/span><\/div><p style=\"text-align: justify;\"><b><span lang=\"HU\" style=\"font-size: 14.0pt; line-height: 115%; mso-ansi-language: HU;\">A l\u00f3 sz\u00e1m\u00e1ra:<\/span><\/b><\/p><ul style=\"margin-top: 0cm;\" type=\"disc\"><li style=\"text-align: justify; mso-list: l4 level1 lfo3; tab-stops: list 36.0pt;\"><span lang=\"HU\" style=\"font-size: 14.0pt; line-height: 115%; mso-ansi-language: HU;\">angol nyereg (versenygalopp nyereg haszn\u00e1lata nem enged\u00e9lyezett),<\/span><\/li><li style=\"text-align: justify; mso-list: l4 level1 lfo3; tab-stops: list 36.0pt;\"><span lang=\"HU\" style=\"font-size: 14.0pt; line-height: 115%; mso-ansi-language: HU;\">mellv\u00e9rt.<\/span><\/li><\/ul><p style=\"text-align: justify;\"><span lang=\"HU\" style=\"font-size: 14.0pt; line-height: 115%; mso-ansi-language: HU;\">A l\u00f3 hajt\u00e1s\u00e1ra ostor vagy b\u00e1rmilyen m\u00e1s eszk\u00f6z haszn\u00e1lata tilos.<\/span><\/p><p style=\"text-align: justify;\"><b><span lang=\"HU\" style=\"font-size: 14.0pt; line-height: 115%; mso-ansi-language: HU;\">A lovakra vonatkoz\u00f3 felt\u00e9telek<\/span><\/b><\/p><ul style=\"margin-top: 0cm;\" type=\"disc\"><li style=\"text-align: justify; mso-list: l2 level1 lfo4; tab-stops: list 36.0pt;\"><span lang=\"HU\" style=\"font-size: 14.0pt; line-height: 115%; mso-ansi-language: HU;\">A l\u00f3nak legal\u00e1bb 5 \u00e9vesnek kell lennie (vagyis 2021-ben vagy azt megel\u0151z\u0151en sz\u00fcletett).<\/span><\/li><li style=\"text-align: justify; mso-list: l2 level1 lfo4; tab-stops: list 36.0pt;\"><span lang=\"HU\" style=\"font-size: 14.0pt; line-height: 115%; mso-ansi-language: HU;\">Rendelkeznie kell<b> egy \u00e9vn\u00e9l nem r\u00e9gebbi, \u00e9rv\u00e9nyes negat\u00edv IAK-teszttel<\/b>.<\/span><\/li><\/ul><p style=\"text-align: justify;\"><b><span lang=\"HU\" style=\"font-size: 14.0pt; line-height: 115%; mso-ansi-language: HU;\">\u00a0<\/span><\/b><\/p><p style=\"text-align: justify;\"><b><span lang=\"HU\" style=\"font-size: 14.0pt; line-height: 115%; mso-ansi-language: HU;\">\u00c9rkez\u00e9s a helysz\u00ednre<\/span><\/b><\/p><ul style=\"margin-top: 0cm;\" type=\"disc\"><li style=\"text-align: justify; mso-list: l1 level1 lfo5; tab-stops: list 36.0pt;\"><span lang=\"HU\" style=\"font-size: 14.0pt; line-height: 115%; mso-ansi-language: HU;\">A lovaknak <b>2026. augusztus 8-\u00e1n, szombaton legk\u00e9s\u0151bb 7.00 \u00f3r\u00e1ig<\/b> meg kell \u00e9rkezni\u00fck a helysz\u00ednre.<\/span><\/li><li style=\"text-align: justify; mso-list: l1 level1 lfo5; tab-stops: list 36.0pt;\"><span lang=\"HU\" style=\"font-size: 14.0pt; line-height: 115%; mso-ansi-language: HU;\">A helysz\u00ednre \u00e9rkez\u00e9s m\u00e1r p\u00e9nteken is lehets\u00e9ges. A szervez\u0151k a lovak sz\u00e1m\u00e1ra ingyenes mobil bokszokat biztos\u00edtanak.<\/span><\/li><\/ul><div style=\"text-align: justify;\"><span style=\"font-size: 18.6667px;\">\u00a0<\/span><\/div><p style=\"text-align: justify;\"><b><span lang=\"HU\" style=\"font-size: 14.0pt; line-height: 115%; mso-ansi-language: HU;\">Jelentkez\u00e9s \u00e9s tov\u00e1bbi inform\u00e1ci\u00f3<\/span><\/b><\/p><p style=\"text-align: justify;\"><span lang=\"HU\" style=\"font-size: 14.0pt; line-height: 115%; mso-ansi-language: HU;\">Jelentkez\u00e9ssel \u00e9s tov\u00e1bbi inform\u00e1ci\u00f3kkal kapcsolatban keresse Bir\u00f3 J\u00f3zsefet, a L\u00f3bar\u00e1tok Egyes\u00fclet\u00e9nek eln\u00f6k\u00e9t a 041 351 925 telefonsz\u00e1mon.<\/span><\/p><p style=\"text-align: justify;\"><span lang=\"HU\" style=\"font-size: 14.0pt; line-height: 115%; mso-ansi-language: HU;\">A jelentkez\u00e9st <b>2026. j\u00falius 27-ig<\/b> v\u00e1rjuk az al\u00e1bbi e-mail-c\u00edmek egyik\u00e9n:<\/span><\/p><ul style=\"margin-top: 0cm;\" type=\"disc\"><li style=\"text-align: justify; mso-list: l5 level1 lfo6; tab-stops: list 36.0pt;\"><a href=\"mailto:birojozek@gmail.com\"><span lang=\"HU\" style=\"font-size: 14.0pt; line-height: 115%; mso-ansi-language: HU;\">birojozek@gmail.com<\/span><\/a><\/li><li style=\"text-align: justify; mso-list: l5 level1 lfo6; tab-stops: list 36.0pt;\"><a href=\"mailto:drustvo.konji@gmail.com\"><span lang=\"HU\" style=\"font-size: 14.0pt; line-height: 115%; mso-ansi-language: HU;\">drustvo.konji@gmail.com<\/span><\/a><\/li><li style=\"text-align: justify; mso-list: l5 level1 lfo6; tab-stops: list 36.0pt;\"><a href=\"mailto:mnmi@mnmi-zkmn.si\"><span lang=\"HU\" style=\"font-size: 14.0pt; line-height: 115%; mso-ansi-language: HU;\">mnmi@mnmi-zkmn.si<\/span><\/a><\/li><\/ul><p style=\"text-align: justify;\"><span lang=\"HU\" style=\"font-size: 14.0pt; line-height: 115%; mso-ansi-language: HU;\">\u00a0<\/span><\/p><p style=\"text-align: justify;\"><span lang=\"HU\" style=\"font-size: 14.0pt; line-height: 115%; mso-ansi-language: HU;\">A jelentkez\u00e9si hat\u00e1rid\u0151 lej\u00e1rta ut\u00e1n a versenyz\u0151k bemutatkoz\u00e1s\u00e1t m\u00e1r nem \u00e1ll m\u00f3dunkban elk\u00e9sz\u00edteni, ez\u00e9rt k\u00e9rj\u00fck, hogy jelentkez\u00e9s\u00e9t id\u0151ben k\u00fcldje el.<\/span><\/p><p style=\"text-align: justify;\"><span lang=\"HU\" style=\"font-size: 14.0pt; line-height: 115%; mso-ansi-language: HU;\">\u00d6r\u00f6mmel v\u00e1rjuk r\u00e9szv\u00e9tel\u00e9t a jubileumi, 10. Muravid\u00e9ki V\u00e1gt\u00e1n! H\u00edvja meg bar\u00e1tait, ismer\u0151seit \u00e9s a lovassport kedvel\u0151it is, hogy egy\u00fctt \u00fcnnepelj\u00fck a lovas hagyom\u00e1nyokat, a sport sz\u00e9ps\u00e9g\u00e9t \u00e9s k\u00f6z\u00f6ss\u00e9g\u00fcnk \u00f6sszetart\u00f3 erej\u00e9t.<\/span><\/p><p><b><span lang=\"HU\" style=\"font-size: 16.0pt; line-height: 115%; font-family: 'Calibri',sans-serif; mso-ascii-theme-font: minor-latin; mso-fareast-font-family: Calibri; mso-fareast-theme-font: minor-latin; mso-hansi-theme-font: minor-latin; mso-bidi-font-family: 'Times New Roman'; mso-bidi-theme-font: minor-bidi; mso-ansi-language: HU; mso-fareast-language: EN-US; mso-bidi-language: AR-SA;\">Nyeregbe, lovasok!<\/span><\/b><\/p>\t\t\t\t\t\t\t\t<\/div>\n\t\t\t\t<div class=\"elementor-element elementor-element-58825c2 elementor-align-center elementor-invisible elementor-widget elementor-widget-button\" data-id=\"58825c2\" data-element_type=\"widget\" data-e-type=\"widget\" data-settings=\"{&quot;_animation&quot;:&quot;fadeInDown&quot;}\" data-widget_type=\"button.default\">\n\t\t\t\t\t\t\t\t\t\t<a class=\"elementor-button elementor-button-link elementor-size-sm\" href=\"https:\/\/pomurskigalop.si\/wp-content\/uploads\/2026\/07\/JELENTKEZO-LAP-A-LOVASOKNAK-2026-HU_Lekt.pdf\">\n\t\t\t\t\t\t<span class=\"elementor-button-content-wrapper\">\n\t\t\t\t\t\t\t\t\t<span class=\"elementor-button-text\">JELENTKEZ\u00c9SI LAP<\/span>\n\t\t\t\t\t<\/span>\n\t\t\t\t\t<\/a>\n\t\t\t\t\t\t\t\t<\/div>\n\t\t\t\t\t<\/div>\n\t\t\t\t<\/div>\n\t\t\t\t<\/div>\n\t\t","protected":false},"excerpt":{"rendered":"<p>JELENTKEZ\u00c9SI FELT\u00c9TELEK A 10. MURAVID\u00c9KI V\u00c1GT\u00c1RA Szeretettel v\u00e1rjuk a szlov\u00e9niai lovasok jelentkez\u00e9s\u00e9t a jubileumi, 10. Muravid\u00e9ki V\u00e1gt\u00e1ra, amelyre 2026. augusztus 8-\u00e1n, szombaton ker\u00fcl sor Lendv\u00e1n. A versenyre a 18. \u00e9let\u00e9v\u00fcket bet\u00f6lt\u00f6tt lovasok jelentkezhetnek, m\u00edg a 17 \u00e9v alatti versenyz\u0151k a p\u00f3nikateg\u00f3ri\u00e1kban indulhatnak. A nevez\u0151k b\u00e1rmilyen fajt\u00e1j\u00fa \u00e9s nem\u0171 l\u00f3val r\u00e9szt vehetnek a versenyen, kiv\u00e9ve az [&hellip;]<\/p>\n","protected":false},"author":1,"featured_media":43,"parent":0,"menu_order":0,"comment_status":"closed","ping_status":"closed","template":"elementor_header_footer","meta":{"footnotes":""},"class_list":["post-96","page","type-page","status-publish","has-post-thumbnail","hentry"],"_links":{"self":[{"href":"https:\/\/pomurskigalop.si\/index.php?rest_route=\/wp\/v2\/pages\/96","targetHints":{"allow":["GET"]}}],"collection":[{"href":"https:\/\/pomurskigalop.si\/index.php?rest_route=\/wp\/v2\/pages"}],"about":[{"href":"https:\/\/pomurskigalop.si\/index.php?rest_route=\/wp\/v2\/types\/page"}],"author":[{"embeddable":true,"href":"https:\/\/pomurskigalop.si\/index.php?rest_route=\/wp\/v2\/users\/1"}],"replies":[{"embeddable":true,"href":"https:\/\/pomurskigalop.si\/index.php?rest_route=%2Fwp%2Fv2%2Fcomments&post=96"}],"version-history":[{"count":11,"href":"https:\/\/pomurskigalop.si\/index.php?rest_route=\/wp\/v2\/pages\/96\/revisions"}],"predecessor-version":[{"id":184,"href":"https:\/\/pomurskigalop.si\/index.php?rest_route=\/wp\/v2\/pages\/96\/revisions\/184"}],"wp:featuredmedia":[{"embeddable":true,"href":"https:\/\/pomurskigalop.si\/index.php?rest_route=\/wp\/v2\/media\/43"}],"wp:attachment":[{"href":"https:\/\/pomurskigalop.si\/index.php?rest_route=%2Fwp%2Fv2%2Fmedia&parent=96"}],"curies":[{"name":"wp","href":"https:\/\/api.w.org\/{rel}","templated":true}]}}